{"id":94,"date":"2021-04-09T11:21:59","date_gmt":"2021-04-09T14:21:59","guid":{"rendered":"https:\/\/aeropuertochapelco.neuquen.gob.ar\/?page_id=94"},"modified":"2021-04-09T11:26:06","modified_gmt":"2021-04-09T14:26:06","slug":"aerolineas-que-llegan-al-aeropuerto-chapelco","status":"publish","type":"page","link":"https:\/\/aeropuertochapelco.neuquen.gob.ar\/index.php\/aerolineas-que-llegan-al-aeropuerto-chapelco\/","title":{"rendered":"Aerol\u00edneas que llegan al aeropuerto Chapelco"},"content":{"rendered":"\n<figure class=\"wp-block-image size-large\"><img loading=\"lazy\" decoding=\"async\" width=\"770\" height=\"433\" src=\"https:\/\/aeropuertochapelco.neuquen.gob.ar\/wp-content\/uploads\/2021\/04\/aeropuerto-chapelco5.jpg\" alt=\"\" class=\"wp-image-99\" srcset=\"https:\/\/aeropuertochapelco.neuquen.gob.ar\/wp-content\/uploads\/2021\/04\/aeropuerto-chapelco5.jpg 770w, https:\/\/aeropuertochapelco.neuquen.gob.ar\/wp-content\/uploads\/2021\/04\/aeropuerto-chapelco5-300x169.jpg 300w, https:\/\/aeropuertochapelco.neuquen.gob.ar\/wp-content\/uploads\/2021\/04\/aeropuerto-chapelco5-768x432.jpg 768w\" sizes=\"(max-width: 770px) 100vw, 770px\" \/><\/figure>\n\n\n\n<p>En la actualidad, solamente Aerol\u00edneas Argentinas arriba a la estaci\u00f3n a\u00e9rea en los horarios y d\u00eda que figuran en la programaci\u00f3n de vuelos diarios.<br><\/p>\n\n\n\n<p>Tambi\u00e9n llegan empresas de vuelos privados los que deber\u00e1n solicitar autorizaci\u00f3n para operar y estacionar en plataforma, al email <a rel=\"noreferrer noopener\" href=\"mailto:operaciones.sazy@gmail.com\" target=\"_blank\">operaciones.sazy@gmail.com<\/a> o comunicarse al tel\u00e9fono 2972 428398.<\/p>\n","protected":false},"excerpt":{"rendered":"<p>En la actualidad, solamente Aerol\u00edneas Argentinas arriba a la estaci\u00f3n a\u00e9rea en los horarios y d\u00eda que figuran en la programaci\u00f3n de vuelos diarios. Tambi\u00e9n llegan empresas de vuelos privados &#8230;<\/p>\n","protected":false},"author":1,"featured_media":99,"parent":0,"menu_order":0,"comment_status":"closed","ping_status":"closed","template":"","meta":{"footnotes":""},"class_list":["post-94","page","type-page","status-publish","has-post-thumbnail","hentry"],"_links":{"self":[{"href":"https:\/\/aeropuertochapelco.neuquen.gob.ar\/index.php\/wp-json\/wp\/v2\/pages\/94"}],"collection":[{"href":"https:\/\/aeropuertochapelco.neuquen.gob.ar\/index.php\/wp-json\/wp\/v2\/pages"}],"about":[{"href":"https:\/\/aeropuertochapelco.neuquen.gob.ar\/index.php\/wp-json\/wp\/v2\/types\/page"}],"author":[{"embeddable":true,"href":"https:\/\/aeropuertochapelco.neuquen.gob.ar\/index.php\/wp-json\/wp\/v2\/users\/1"}],"replies":[{"embeddable":true,"href":"https:\/\/aeropuertochapelco.neuquen.gob.ar\/index.php\/wp-json\/wp\/v2\/comments?post=94"}],"version-history":[{"count":4,"href":"https:\/\/aeropuertochapelco.neuquen.gob.ar\/index.php\/wp-json\/wp\/v2\/pages\/94\/revisions"}],"predecessor-version":[{"id":100,"href":"https:\/\/aeropuertochapelco.neuquen.gob.ar\/index.php\/wp-json\/wp\/v2\/pages\/94\/revisions\/100"}],"wp:featuredmedia":[{"embeddable":true,"href":"https:\/\/aeropuertochapelco.neuquen.gob.ar\/index.php\/wp-json\/wp\/v2\/media\/99"}],"wp:attachment":[{"href":"https:\/\/aeropuertochapelco.neuquen.gob.ar\/index.php\/wp-json\/wp\/v2\/media?parent=94"}],"curies":[{"name":"wp","href":"https:\/\/api.w.org\/{rel}","templated":true}]}}